{"id":319,"date":"2018-03-26T17:02:32","date_gmt":"2018-03-26T17:02:32","guid":{"rendered":"https:\/\/ftpabmp31.wordpress.com\/?page_id=319"},"modified":"2018-06-05T15:09:42","modified_gmt":"2018-06-05T13:09:42","slug":"bibliographie","status":"publish","type":"page","link":"https:\/\/aboccitanie.fr\/?page_id=319","title":{"rendered":"Bibliographie"},"content":{"rendered":"<div id=\"Text13\">\n<div id=\"LMTxtText13\">\n<div id=\"Text2\">\n<div id=\"LMTxtText2\">\n<blockquote>\n<h3 style=\"text-align: center;\" align=\"center\"><span style=\"color: #339966;\"><strong>Des articles de journaux, des textes, des infos&#8230;<\/strong><\/span><\/h3>\n<\/blockquote>\n<div align=\"center\"><\/div>\n<div align=\"left\"><b><span style=\"color: #008080;\">Articles d&rsquo;information destin\u00e9s aux familles et aux<\/span> <span style=\"color: #008080;\">patients<\/span><\/b><\/div>\n<div align=\"left\">\n<ul>\n<li><a href=\"https:\/\/aboccitanie.fr\/wp-content\/uploads\/2018\/06\/artcle_de_c.chiquet_sur_la_culpabilit2byy.pdf\"><u>\u00ab\u00a0Pourquoi la culpabilit\u00e9 des parents n&rsquo;a jamais aid\u00e9 un(e) anorexique ou un(e) boulimique \u00e0 s&rsquo;en sortir\u00a0\u00bb<\/u><\/a><br \/>\nC. CHiquet, psychoth\u00e9rapeute.<\/li>\n<\/ul>\n<div align=\"left\"><\/div>\n<ul>\n<li><a href=\"https:\/\/aboccitanie.fr\/wp-content\/uploads\/2018\/06\/Conf\u00e9rence-du-20-mars-2013-sudres.pdf\"><u>\u00ab\u00a0L&rsquo;habitat et les Troubles du Comportement <\/u><u>Alimentaire<\/u><u>\u00ab\u00a0<\/u><\/a><br \/>\nJ.L. Sudres et V. De Lagausie, psychologues cliniciens<\/li>\n<\/ul>\n<div align=\"left\"><\/div>\n<div align=\"left\">Recommandations de la Haute Autorit\u00e9 de Sant\u00e9, juin 2010 :<\/div>\n<div align=\"left\"><\/div>\n<ul>\n<li><a href=\"https:\/\/aboccitanie.fr\/wp-content\/uploads\/2018\/06\/Reco_Anorexie-mentale-reco_anorexie_mentale.pdf\"><u>Anorexie mentale: prise en charge<\/u><\/a><\/li>\n<li><a href=\"https:\/\/aboccitanie.fr\/wp-content\/uploads\/2018\/06\/Fiche-patient.qxd-2ebat_fs_synthese_patient_anorexie_2209.pdf\"><u>Anorexie mentale, et si \u00e7a me concernait ?<\/u><\/a><\/li>\n<\/ul>\n<p>&nbsp;<\/p>\n<\/div>\n<\/div>\n<\/div>\n<div id=\"Text1\">\n<div id=\"LMTxtText1\">\n<blockquote>\n<h3 style=\"text-align: center;\" align=\"center\"><span style=\"color: #339966;\"><b>Des livres pour comprendre<\/b><\/span><\/h3>\n<\/blockquote>\n<\/div>\n<\/div>\n<div id=\"Text3\">\n<div id=\"LMTxtText3\">\n<p><span style=\"color: #008000;\"><img loading=\"lazy\" decoding=\"async\" class=\"alignleft wp-image-831\" src=\"https:\/\/ftpabmp31.files.wordpress.com\/2018\/04\/combes.jpg?w=97\" alt=\"combes\" width=\"151\" height=\"235\" srcset=\"https:\/\/aboccitanie.fr\/wp-content\/uploads\/2018\/04\/combes.jpg 327w, https:\/\/aboccitanie.fr\/wp-content\/uploads\/2018\/04\/combes-193x300.jpg 193w\" sizes=\"auto, (max-width: 151px) 100vw, 151px\" \/><\/span><\/p>\n<p>&nbsp;<\/p>\n<p><span style=\"color: #008000;\">Colette COMBE<br \/>\n<\/span><a href=\"https:\/\/aboccitanie.fr\/?p=865\">\u00ab\u00a0Soigner l&rsquo;anorexie\u00a0\u00bb<\/a><br \/>\n<a href=\"https:\/\/aboccitanie.fr\/?p=846\">\u00ab\u00a0Comprendre et soigner la boulimie\u00a0\u00bb<\/a><\/p>\n<\/div>\n<div id=\"LMTxtText3\">\n<p style=\"text-align: right;\"><span style=\"color: #008000;\"><img loading=\"lazy\" decoding=\"async\" class=\" wp-image-832 alignright\" src=\"https:\/\/ftpabmp31.files.wordpress.com\/2018\/04\/jeammet.jpg?w=93\" alt=\"jeammet\" width=\"147\" height=\"236\" srcset=\"https:\/\/aboccitanie.fr\/wp-content\/uploads\/2018\/04\/jeammet.jpg 220w, https:\/\/aboccitanie.fr\/wp-content\/uploads\/2018\/04\/jeammet-187x300.jpg 187w\" sizes=\"auto, (max-width: 147px) 100vw, 147px\" \/><\/span><\/p>\n<p>&nbsp;<\/p>\n<p style=\"text-align: right;\"><span style=\"color: #008000;\">Philippe JEAMMET<\/span><br \/>\n<a href=\"https:\/\/aboccitanie.fr\/?p=863\">\u00ab\u00a0Anorexie Boulimie, les paradoxes de l&rsquo;adolescence\u00a0\u00bb<\/a><\/p>\n<p>&nbsp;<\/p>\n<\/div>\n<\/div>\n<p><span style=\"color: #008000;\"><img loading=\"lazy\" decoding=\"async\" class=\" wp-image-833 alignleft\" src=\"https:\/\/ftpabmp31.files.wordpress.com\/2018\/04\/maine.jpg?w=109\" alt=\"maine\" width=\"171\" height=\"235\" srcset=\"https:\/\/aboccitanie.fr\/wp-content\/uploads\/2018\/04\/maine.jpg 345w, https:\/\/aboccitanie.fr\/wp-content\/uploads\/2018\/04\/maine-218x300.jpg 218w\" sizes=\"auto, (max-width: 171px) 100vw, 171px\" \/><\/span><\/p>\n<p>&nbsp;<\/p>\n<p><span style=\"color: #008000;\">Margo MAINE<\/span><br \/>\n<a href=\"https:\/\/aboccitanie.fr\/?p=861\">\u00ab\u00a0anorexie, boulimie, pourquoi ?\u00a0\u00bb<\/a><\/p>\n<\/div>\n<\/div>\n<p>Troubles de la nutrition et relation p\u00e8re-fille<\/p>\n<div id=\"Text13\">\n<div id=\"LMTxtText13\">\n<p><span style=\"color: #008000;\"><img loading=\"lazy\" decoding=\"async\" class=\" wp-image-834 alignright\" src=\"https:\/\/ftpabmp31.files.wordpress.com\/2018\/04\/meunier.jpg?w=115\" alt=\"meunier\" width=\"180\" height=\"235\" srcset=\"https:\/\/aboccitanie.fr\/wp-content\/uploads\/2018\/04\/meunier.jpg 350w, https:\/\/aboccitanie.fr\/wp-content\/uploads\/2018\/04\/meunier-229x300.jpg 229w\" sizes=\"auto, (max-width: 180px) 100vw, 180px\" \/><\/span><\/p>\n<p>&nbsp;<\/p>\n<p style=\"text-align: right;\"><span style=\"color: #008000;\">Dr Alain MEUNIER et Clothilde VAN LERBERGHE<\/span><br \/>\n<a href=\"https:\/\/aboccitanie.fr\/?p=876\">\u00ab\u00a0Anorexie Ados au r\u00e9gime, ados en danger ?\u00a0\u00bb<\/a><\/p>\n<p>&nbsp;<\/p>\n<p align=\"left\"><span style=\"color: #008000;\"><img loading=\"lazy\" decoding=\"async\" class=\"alignleft wp-image-835\" src=\"https:\/\/ftpabmp31.files.wordpress.com\/2018\/04\/pomereau.jpg?w=95\" alt=\"pomereau\" width=\"149\" height=\"235\" srcset=\"https:\/\/aboccitanie.fr\/wp-content\/uploads\/2018\/04\/pomereau.jpg 317w, https:\/\/aboccitanie.fr\/wp-content\/uploads\/2018\/04\/pomereau-191x300.jpg 191w\" sizes=\"auto, (max-width: 149px) 100vw, 149px\" \/><\/span><\/p>\n<p align=\"left\"><span style=\"color: #008000;\">Dr Xavier POMMEREAU et Jean-Philippe de TONNAC<br \/>\n<\/span><a href=\"https:\/\/aboccitanie.fr\/?p=853\">\u00ab\u00a0Le myst\u00e8re de l&rsquo;anorexie\u00a0\u00bb<\/a><\/p>\n<\/div>\n<\/div>\n<div id=\"Text13\">\n<div id=\"LMTxtText13\">\n<p style=\"text-align: right;\"><span style=\"color: #008000;\"><img loading=\"lazy\" decoding=\"async\" class=\"alignright wp-image-836\" src=\"https:\/\/ftpabmp31.files.wordpress.com\/2018\/04\/shankland.jpeg?w=97\" alt=\"shankland\" width=\"151\" height=\"235\" srcset=\"https:\/\/aboccitanie.fr\/wp-content\/uploads\/2018\/04\/shankland.jpeg 327w, https:\/\/aboccitanie.fr\/wp-content\/uploads\/2018\/04\/shankland-193x300.jpeg 193w\" sizes=\"auto, (max-width: 151px) 100vw, 151px\" \/><\/span><\/p>\n<p>&nbsp;<\/p>\n<p style=\"text-align: right;\"><span style=\"color: #008000;\">R\u00e9becca SHANKLAND<\/span><br \/>\n<a href=\"https:\/\/aboccitanie.fr\/?p=869\">\u00ab\u00a0Les troubles du comportement alimentaire\u00a0\u00bb<\/a><\/p>\n<\/div>\n<p>&nbsp;<\/p>\n<div id=\"LMTxtText13\">\n<p><span style=\"color: #008000;\"><img loading=\"lazy\" decoding=\"async\" class=\" wp-image-837 alignleft\" src=\"https:\/\/ftpabmp31.files.wordpress.com\/2018\/04\/vincent.jpg?w=106\" alt=\"vincent\" width=\"166\" height=\"235\" srcset=\"https:\/\/aboccitanie.fr\/wp-content\/uploads\/2018\/04\/vincent.jpg 425w, https:\/\/aboccitanie.fr\/wp-content\/uploads\/2018\/04\/vincent-213x300.jpg 213w\" sizes=\"auto, (max-width: 166px) 100vw, 166px\" \/><\/span><\/p>\n<p>&nbsp;<\/p>\n<p><span style=\"color: #008000;\">Thierry VINCENT<\/span><br \/>\n<a href=\"https:\/\/aboccitanie.fr\/?p=871\">\u00ab\u00a0La jeune fille et la mort\u00a0\u00bb<\/a><\/p>\n<\/div>\n<\/div>\n<p>&nbsp;<\/p>\n<p>&nbsp;<\/p>\n<p>&nbsp;<\/p>\n<div id=\"Text13\">\n<div id=\"LMTxtText13\">\n<blockquote>\n<h3 style=\"text-align: center;\"><span style=\"color: #339966;\"><strong>Des livres pour aider<\/strong><\/span><\/h3>\n<\/blockquote>\n<p style=\"text-align: left;\"><span style=\"color: #008000;\"><img loading=\"lazy\" decoding=\"async\" class=\" wp-image-838 alignleft\" src=\"https:\/\/ftpabmp31.files.wordpress.com\/2018\/04\/vivre.jpg?w=88\" alt=\"vivre\" width=\"139\" height=\"235\" srcset=\"https:\/\/aboccitanie.fr\/wp-content\/uploads\/2018\/04\/vivre.jpg 324w, https:\/\/aboccitanie.fr\/wp-content\/uploads\/2018\/04\/vivre-177x300.jpg 177w\" sizes=\"auto, (max-width: 139px) 100vw, 139px\" \/><\/span><\/p>\n<p>&nbsp;<\/p>\n<p style=\"text-align: left;\"><span style=\"color: #008000;\">Dr Gilles AGMAN et Annie GORGE<\/span><br \/>\n<a href=\"https:\/\/aboccitanie.fr\/?p=859\">\u00ab\u00a0Comment vivre avec une anorexique\u00a0\u00bb<\/a><\/p>\n<\/div>\n<\/div>\n<p>&nbsp;<\/p>\n<p>&nbsp;<\/p>\n<p><img loading=\"lazy\" decoding=\"async\" class=\"wp-image-839 alignright\" src=\"https:\/\/aboccitanie.fr\/wp-content\/uploads\/2018\/04\/gentil-199x300.jpg\" alt=\"\" width=\"172\" height=\"259\" srcset=\"https:\/\/aboccitanie.fr\/wp-content\/uploads\/2018\/04\/gentil-199x300.jpg 199w, https:\/\/aboccitanie.fr\/wp-content\/uploads\/2018\/04\/gentil-768x1157.jpg 768w, https:\/\/aboccitanie.fr\/wp-content\/uploads\/2018\/04\/gentil-680x1024.jpg 680w, https:\/\/aboccitanie.fr\/wp-content\/uploads\/2018\/04\/gentil.jpg 1024w\" sizes=\"auto, (max-width: 172px) 100vw, 172px\" \/><\/p>\n<div id=\"Text13\">\n<div id=\"LMTxtText13\">\n<p>&nbsp;<\/p>\n<p style=\"text-align: right;\"><span style=\"color: #008000;\">Thomas d&rsquo;Ansembourg<br \/>\n<a href=\"https:\/\/aboccitanie.fr\/?p=857\">\u00ab\u00a0Cessez d&rsquo;\u00eatre gentil, soyez vrai !\u00a0\u00bb<\/a><\/span><\/p>\n<p>&nbsp;<\/p>\n<\/div>\n<p>&nbsp;<\/p>\n<div id=\"LMTxtText13\">\n<p><span style=\"color: #008000;\"><img loading=\"lazy\" decoding=\"async\" class=\" wp-image-840 alignleft\" src=\"https:\/\/ftpabmp31.files.wordpress.com\/2018\/04\/cook.jpg?w=112\" alt=\"cook\" width=\"176\" height=\"236\" srcset=\"https:\/\/aboccitanie.fr\/wp-content\/uploads\/2018\/04\/cook.jpg 355w, https:\/\/aboccitanie.fr\/wp-content\/uploads\/2018\/04\/cook-225x300.jpg 225w\" sizes=\"auto, (max-width: 176px) 100vw, 176px\" \/><\/span><\/p>\n<\/div>\n<\/div>\n<p>&nbsp;<\/p>\n<p>&nbsp;<\/p>\n<div id=\"Text13\">\n<div id=\"LMTxtText13\">\n<p><span style=\"color: #008000;\">Catherine DOYEN et Solange COOK-DARZENS<\/span><br \/>\n<a href=\"https:\/\/aboccitanie.fr\/?p=1068\">\u00ab\u00a0Anorexie, boulimie : vous pouvez aider votre enfant\u00a0\u00bb<\/a><\/p>\n<p>&nbsp;<\/p>\n<\/div>\n<\/div>\n<p>&nbsp;<\/p>\n<div id=\"Text13\">\n<div id=\"LMTxtText13\">\n<div id=\"Text13\">\n<div id=\"LMTxtText13\">\n<p style=\"text-align: right;\"><span style=\"color: #008000;\"><img loading=\"lazy\" decoding=\"async\" class=\" wp-image-841 alignright\" src=\"https:\/\/ftpabmp31.files.wordpress.com\/2018\/04\/hervais.gif?w=113\" alt=\"hervais\" width=\"177\" height=\"235\" \/><\/span><\/p>\n<p>&nbsp;<\/p>\n<p style=\"text-align: right;\"><span style=\"color: #008000;\">Catherine HERVAIS<\/span><br \/>\n<a href=\"https:\/\/ftpabmp31.wordpress.com\/2018\/04\/10\/vivre-et-communiquer-avec-un-proche-boulimique-anorexique\/\">\u00ab\u00a0Vivre et communiquer avec un proche boulimique-anorexique\u00a0\u00bb<\/a><\/p>\n<p>&nbsp;<\/p>\n<p style=\"text-align: left;\"><span style=\"color: #008000;\"><img loading=\"lazy\" decoding=\"async\" class=\" wp-image-842 alignleft\" src=\"https:\/\/ftpabmp31.files.wordpress.com\/2018\/04\/rufo.jpg?w=93\" alt=\"rufo\" width=\"146\" height=\"235\" \/><\/span><\/p>\n<p>&nbsp;<\/p>\n<p style=\"text-align: left;\"><span style=\"color: #008000;\">Marcel RUFO<\/span><br \/>\n<a href=\"https:\/\/aboccitanie.fr\/?p=1065\">\u00ab\u00a0D\u00e9tache-moi, se s\u00e9parer pour grandir\u00a0\u00bb<\/a><\/p>\n<p>&nbsp;<\/p>\n<p style=\"text-align: right;\"><span style=\"color: #008000;\"><img loading=\"lazy\" decoding=\"async\" class=\" wp-image-843 alignright\" src=\"https:\/\/ftpabmp31.files.wordpress.com\/2018\/04\/tourte.jpg?w=99\" alt=\"tourte\" width=\"162\" height=\"246\" srcset=\"https:\/\/aboccitanie.fr\/wp-content\/uploads\/2018\/04\/tourte.jpg 350w, https:\/\/aboccitanie.fr\/wp-content\/uploads\/2018\/04\/tourte-198x300.jpg 198w\" sizes=\"auto, (max-width: 162px) 100vw, 162px\" \/><\/span><\/p>\n<p>&nbsp;<\/p>\n<p style=\"text-align: right;\"><span style=\"color: #008000;\">\u00a0G\u00e9rard TIXIER et Clothilde TOURTE<\/span><br \/>\n<a href=\"https:\/\/ftpabmp31.wordpress.com\/2018\/04\/10\/anorexie-et-boulimie-comprendre-et-aider-votre-enfant\/\">\u00ab\u00a0Anorexie et boulimie, Comprendre et aider votre enfant\u00a0\u00bb<\/a><\/p>\n<p>&nbsp;<\/p>\n<\/div>\n<\/div>\n<\/div>\n<\/div>\n<p>&nbsp;<\/p>\n<p>&nbsp;<\/p>\n<div id=\"Text13\">\n<div id=\"LMTxtText13\">\n<div id=\"Text13\">\n<div id=\"LMTxtText13\">\n<blockquote>\n<h3 style=\"text-align: center;\" align=\"center\"><span style=\"color: #339966;\"><b>Des t\u00e9moignages<\/b><\/span><\/h3>\n<\/blockquote>\n<p style=\"text-align: left;\" align=\"center\"><span style=\"color: #008000;\">C. 15 ans<\/span><br \/>\n<a href=\"https:\/\/aboccitanie.fr\/wp-content\/uploads\/2018\/06\/lettre_camille.pdf\">Lettre ouverte \u00e0 ma maladie<b><br \/>\n<\/b><\/a><\/p>\n<div align=\"left\">\u00a0<span style=\"color: #008000;\"><img loading=\"lazy\" decoding=\"async\" class=\"alignright wp-image-879\" src=\"https:\/\/ftpabmp31.files.wordpress.com\/2018\/04\/fna.jpg?w=96\" alt=\"fna\" width=\"151\" height=\"236\" srcset=\"https:\/\/aboccitanie.fr\/wp-content\/uploads\/2018\/04\/fna.jpg 345w, https:\/\/aboccitanie.fr\/wp-content\/uploads\/2018\/04\/fna-192x300.jpg 192w\" sizes=\"auto, (max-width: 151px) 100vw, 151px\" \/><\/span><\/div>\n<p style=\"text-align: right;\"><span style=\"color: #008000;\">FNA-TCA<\/span><b><br \/>\n<\/b><a href=\"https:\/\/aboccitanie.fr\/?p=1062\">\u00ab\u00a0Anorexiques, boulimiques, hyperphages :<\/a><br \/>\nnous voulons vivre !\u00a0\u00bb<b> <\/b><\/p>\n<p><a href=\"https:\/\/ftpabmp31.wordpress.com\/2018\/04\/10\/thornytorinx\/\"><span style=\"color: #008000;\"><img loading=\"lazy\" decoding=\"async\" class=\" wp-image-851 alignleft\" src=\"https:\/\/ftpabmp31.files.wordpress.com\/2018\/04\/peretti.jpg?w=92\" alt=\"peretti\" width=\"145\" height=\"236\" srcset=\"https:\/\/aboccitanie.fr\/wp-content\/uploads\/2018\/04\/peretti.jpg 210w, https:\/\/aboccitanie.fr\/wp-content\/uploads\/2018\/04\/peretti-184x300.jpg 184w\" sizes=\"auto, (max-width: 145px) 100vw, 145px\" \/><\/span><\/a><\/p>\n<p>&nbsp;<\/p>\n<p style=\"text-align: left;\"><span style=\"color: #008000;\">Camille de PERETTI<\/span><b><br \/>\n<\/b><a href=\"https:\/\/aboccitanie.fr\/?p=849\">\u00ab\u00a0Thornytorinx\u00a0\u00bb<\/a><\/p>\n<\/div>\n<\/div>\n<\/div>\n<\/div>\n<p>&nbsp;<\/p>\n<div id=\"Text13\">\n<div id=\"LMTxtText13\">\n<div id=\"Text13\">\n<div id=\"LMTxtText13\">\n<p><span style=\"color: #008000;\"><img loading=\"lazy\" decoding=\"async\" class=\" wp-image-878 alignright\" src=\"https:\/\/ftpabmp31.files.wordpress.com\/2018\/04\/vittoria.jpg?w=100\" alt=\"vittoria\" width=\"157\" height=\"236\" srcset=\"https:\/\/aboccitanie.fr\/wp-content\/uploads\/2018\/04\/vittoria.jpg 333w, https:\/\/aboccitanie.fr\/wp-content\/uploads\/2018\/04\/vittoria-200x300.jpg 200w\" sizes=\"auto, (max-width: 157px) 100vw, 157px\" \/><\/span><\/p>\n<p>&nbsp;<\/p>\n<p style=\"text-align: right;\"><span style=\"color: #008000;\">VITTORIA<\/span><b><br \/>\n<\/b><a href=\"https:\/\/aboccitanie.fr\/?p=873\">\u00ab\u00a0Anorexie et Boulimie, du corps \u00e0 l&rsquo; \u00ab\u00a0\u00e2me\u00a0\u00bb<\/a><\/p>\n<\/div>\n<\/div>\n<\/div>\n<\/div>\n<div id=\"Text17\">\n<div id=\"LMTxtText17\">\n<div id=\"Text11\">\n<div id=\"LMTxtText11\">\n<div align=\"left\"><span style=\"font-family: Arial; font-size: small;\">\u00a0<\/span><\/div>\n<div align=\"left\"><span style=\"font-family: Arial; font-size: small;\">\u00a0<\/span><\/div>\n<div align=\"left\"><span style=\"font-family: Arial; font-size: small;\">\u00a0<\/span><\/div>\n<\/div>\n<\/div>\n<\/div>\n<\/div>\n<div id=\"Text18\">\n<div id=\"LMTxtText18\">\n<div align=\"center\"><span style=\"font-family: Arial; font-size: small;\"><b>\u00a0<\/b><\/span><\/div>\n<\/div>\n<\/div>\n","protected":false},"excerpt":{"rendered":"<p>Des articles de journaux, des textes, des infos&#8230; Articles d&rsquo;information destin\u00e9s aux familles et aux patients \u00ab\u00a0Pourquoi la culpabilit\u00e9 des parents n&rsquo;a jamais aid\u00e9 un(e) anorexique ou un(e) boulimique \u00e0 s&rsquo;en sortir\u00a0\u00bb C. CHiquet, psychoth\u00e9rapeute. \u00ab\u00a0L&rsquo;habitat et les Troubles du&#8230; <a class=\"more-link\" href=\"https:\/\/aboccitanie.fr\/?page_id=319\">Continue Reading &rarr;<\/a><\/p>\n","protected":false},"author":1,"featured_media":0,"parent":0,"menu_order":0,"comment_status":"closed","ping_status":"closed","template":"","meta":{"footnotes":""},"class_list":["post-319","page","type-page","status-publish","hentry"],"_links":{"self":[{"href":"https:\/\/aboccitanie.fr\/index.php?rest_route=\/wp\/v2\/pages\/319","targetHints":{"allow":["GET"]}}],"collection":[{"href":"https:\/\/aboccitanie.fr\/index.php?rest_route=\/wp\/v2\/pages"}],"about":[{"href":"https:\/\/aboccitanie.fr\/index.php?rest_route=\/wp\/v2\/types\/page"}],"author":[{"embeddable":true,"href":"https:\/\/aboccitanie.fr\/index.php?rest_route=\/wp\/v2\/users\/1"}],"replies":[{"embeddable":true,"href":"https:\/\/aboccitanie.fr\/index.php?rest_route=%2Fwp%2Fv2%2Fcomments&post=319"}],"version-history":[{"count":36,"href":"https:\/\/aboccitanie.fr\/index.php?rest_route=\/wp\/v2\/pages\/319\/revisions"}],"predecessor-version":[{"id":1390,"href":"https:\/\/aboccitanie.fr\/index.php?rest_route=\/wp\/v2\/pages\/319\/revisions\/1390"}],"wp:attachment":[{"href":"https:\/\/aboccitanie.fr\/index.php?rest_route=%2Fwp%2Fv2%2Fmedia&parent=319"}],"curies":[{"name":"wp","href":"https:\/\/api.w.org\/{rel}","templated":true}]}}